{"id":95,"date":"2023-03-13T11:16:30","date_gmt":"2023-03-13T10:16:30","guid":{"rendered":"https:\/\/estudiospropios.umh.es\/?page_id=95"},"modified":"2025-06-11T15:06:37","modified_gmt":"2025-06-11T13:06:37","slug":"matricula","status":"publish","type":"page","link":"https:\/\/formacionpermanente.umh.es\/ca\/solicitud\/matricula\/","title":{"rendered":"Matricula&#8217;t"},"content":{"rendered":"<p>Coneix el procediment de matr\u00edcula en els ensenyaments de formaci\u00f3 permanent de la UMH.<\/p>\n<h3>Matr\u00edcula en M\u00e0ster Propi o Especialista Universitari.<\/h3>\n<ul>\n<li style=\"list-style-type: none\">\n<ul>\n<li>El termini d&#8217;inscripci\u00f3 i tota la informaci\u00f3 es pot consultar accedint a\u00a0 <a href=\"https:\/\/www.umh.es\/contenido\/Estudios\/:Titulaciones_Propias\/datos_es.html?exhibit\" target=\"_blank\" rel=\"noopener\">l&#8217;oferta d&#8217;aquests ensenyaments de la UMH.<img loading=\"lazy\" class=\"alignnone wp-image-31436 size-full\" src=\"https:\/\/estudios.umh.es\/files\/2021\/11\/abre-en-nueva-ventana.png\" alt=\"(abre en nueva ventana)\" width=\"15\" height=\"15\" \/><\/a><\/li>\n<li>La inscripci\u00f3 es realitza en el seg\u00fcent <a href=\"http:\/\/universite.umh.es\/fpogestion\/aspx\/Preinscripcion\/Preinscripcion.aspx\" target=\"_blank\" rel=\"noopener\">formulari<\/a><strong><a href=\"http:\/\/universite.umh.es\/fpogestion\/aspx\/Preinscripcion\/Preinscripcion.aspx\" target=\"_blank\" rel=\"noopener\">.<img loading=\"lazy\" class=\"alignnone wp-image-31436 size-full\" src=\"https:\/\/estudios.umh.es\/files\/2021\/11\/abre-en-nueva-ventana.png\" alt=\"(abre en nueva ventana)\" width=\"15\" height=\"15\" \/><\/a>\u00a0<\/strong><\/li>\n<li>Una vegada emplenat el formulari d&#8217;inscripci\u00f3 apareixer\u00e0 el rebut corresponent a les taxes de matr\u00edcula, el qual es pot abonar en les entitats banc\u00e0ries que figuren en el mateix o b\u00e9 a trav\u00e9s de <a href=\"http:\/\/universite.umh.es\/pagovirtual\/\" target=\"_blank\" rel=\"noopener\">pagament virtual.<img loading=\"lazy\" class=\"alignnone wp-image-31436 size-full\" src=\"https:\/\/estudios.umh.es\/files\/2021\/11\/abre-en-nueva-ventana.png\" alt=\"(abre en nueva ventana)\" width=\"15\" height=\"15\" \/><\/a><\/li>\n<li>Documentaci\u00f3: S&#8217;ha de dirigir a la Direcci\u00f3 de l&#8217;ensenyament abans del comen\u00e7ament del mateix la sig\u00fcent documentaci\u00f3 per a comprovar si reuneixes els requisits d&#8217;acc\u00e9s:\n<ul>\n<li>DNI, NIE o Passaport per a estudiants estrangers.<\/li>\n<li>T\u00edtol universitari espanyol o acreditaci\u00f3 de l&#8217;homologaci\u00f3 del Ministeri competent.<\/li>\n<li>Si els estudis s\u00f3n estrangers, els documents s\u00f3n els seg\u00fcents:\n<ul>\n<li>T\u00edtol universitari <a href=\"https:\/\/estudios.umh.es\/legalizacion-mediante-via-diplomatica\/\" target=\"_blank\" rel=\"noopener\">legalitzat mitjan\u00e7ant v\u00eda diplom\u00e0tica.<\/a><a href=\"http:\/\/universite.umh.es\/pagovirtual\/\" target=\"_blank\" rel=\"noopener\"><img loading=\"lazy\" class=\"alignnone wp-image-31436 size-full\" src=\"https:\/\/estudios.umh.es\/files\/2021\/11\/abre-en-nueva-ventana.png\" alt=\"(abre en nueva ventana)\" width=\"15\" height=\"15\" \/><\/a><\/li>\n<li>Els documents expedits en llengua diferent al castell\u00e0 haur\u00e0n d&#8217;anar acompanyats de <a href=\"https:\/\/estudios.umh.es\/legalizacion-mediante-via-diplomatica\/\" target=\"_blank\" rel=\"noopener\">traducci\u00f3 jurada oficial al castell\u00e0.<img src=\"https:\/\/estudios.umh.es\/files\/2021\/11\/abre-en-nueva-ventana.png\" alt=\"(abre en nueva ventana)\" \/><\/a><\/li>\n<\/ul>\n<\/li>\n<\/ul>\n<\/li>\n<li>Es podr\u00e0 accedir amb admissi\u00f3 condicionada l&#8217;estudiantat d&#8217;un grau oficial espanyol o de l&#8217;Espai Europeu al qual li quede per superar el Treball fi de grau i com a m\u00e0xim 9 ECTS addicionals. Si acabat el curs acad\u00e8mic per al qual s&#8217;ha matriculat de forma condicionada no s&#8217;hagueren culminat els estudis que li donen acc\u00e9s, es perdran els drets de matr\u00edcula i no es podr\u00e0 reclamar la devoluci\u00f3 dels imports abonats. En cap cas l&#8217;estudiantat amb matr\u00edcula condicionada podr\u00e0 obtindre el t\u00edtol de formaci\u00f3 permanent corresponent si pr\u00e8viament no ha obtingut el t\u00edtol de Grau.<\/li>\n<li>L&#8217;estudiantat que es matricule per primera vegada haur\u00e0 de fer-lo de totes les assignatures que comprenguen el pla d&#8217;estudis en cada curs acad\u00e8mic.<\/li>\n<li>L&#8217;estudiant que es matricule per segona o successives vegades haur\u00e0 d&#8217;abonar l&#8217;increment del preu per a segones i successives matr\u00edcules en estudis de m\u00e0ster que habiliten per a l&#8217;exercici d&#8217;activitats professionals regulades, establit pel Decret del Consell, pel qual es fixen les taxes per la prestaci\u00f3 de servicis acad\u00e8mics universitaris per a cada curs acad\u00e8mic.<\/li>\n<li>L&#8217;estudiantat no tindr\u00e0 dret a la devoluci\u00f3 dels preus p\u00fablics de matr\u00edcula una vegada que l&#8217;ensenyament haja comen\u00e7at. Excepcionalment, justificant causes sobrevingudes, es podr\u00e0 sol\u00b7licitar l&#8217;anul\u00b7laci\u00f3 de matr\u00edcula a la direcci\u00f3 de l&#8217;ensenyament. La direcci\u00f3 informar\u00e0 de la proced\u00e8ncia o no de la devoluci\u00f3 del preu de la matr\u00edcula.<\/li>\n<\/ul>\n<\/li>\n<\/ul>\n<h3>Matr\u00edcula en Certificat de Formaci\u00f3 Permanent o Microcredencial Universit\u00e0ria.<\/h3>\n<ul>\n<li style=\"list-style-type: none\">\n<ul>\n<li>El termini d&#8217;inscripci\u00f3 i toda la informaci\u00f3 sobre les activitats de formaci\u00f3 cont\u00ednua es pot consultar accedint a\u00a0 <a href=\"https:\/\/www.umh.es\/contenido\/Estudios\/:Titulaciones_Propias\/datos_es.html?exhibit&amp;filter=~%242023%20-%202024%7Ccaca%7C~%24Certificado%20De%20Formaci%C3%B3n%20Permanente%7Ctipo_fpo\" target=\"_blank\" rel=\"noopener\">l&#8217;oferta de Certificats de Formaci\u00f3 Permanent.<img loading=\"lazy\" class=\"alignnone wp-image-31436 size-full\" src=\"https:\/\/estudios.umh.es\/files\/2021\/11\/abre-en-nueva-ventana.png\" alt=\"(abre en nueva ventana)\" width=\"15\" height=\"15\" \/><\/a><\/li>\n<li>La inscripci\u00f3 es realitza en el seg\u00fcent <a href=\"http:\/\/universite.umh.es\/fpogestion\/aspx\/Preinscripcion\/Preinscripcion.aspx\" target=\"_blank\" rel=\"noopener\">formulari.<\/a><strong><a href=\"http:\/\/universite.umh.es\/fpogestion\/aspx\/Preinscripcion\/Preinscripcion.aspx\" target=\"_blank\" rel=\"noopener\"><img loading=\"lazy\" class=\"alignnone wp-image-31436 size-full\" src=\"https:\/\/estudios.umh.es\/files\/2021\/11\/abre-en-nueva-ventana.png\" alt=\"(abre en nueva ventana)\" width=\"15\" height=\"15\" \/><\/a><\/strong><\/li>\n<li>Una vegada emplenat el formulari d&#8217;inscripci\u00f3 apareixer\u00e0 el rebut corresponent a les taxes de matr\u00edcula, el qual es pot abonar en les entitats banc\u00e0ries que figuren en el mateix o b\u00e9 a trav\u00e9s de <a href=\"http:\/\/universite.umh.es\/pagovirtual\/\" target=\"_blank\" rel=\"noopener\">pagament virtual.<img loading=\"lazy\" class=\"alignnone wp-image-31436 size-full\" src=\"https:\/\/estudios.umh.es\/files\/2021\/11\/abre-en-nueva-ventana.png\" alt=\"(abre en nueva ventana)\" width=\"15\" height=\"15\" \/><\/a><\/li>\n<li>L&#8217;estudiantat s&#8217;haur\u00e0 de matricular de la totalitat de l&#8217;ensenyament.<\/li>\n<li>L&#8217;estudiantat no tindr\u00e0 dret a la devoluci\u00f3 dels preus p\u00fablics de matr\u00edcula una vegada que l&#8217;ensenyament haja comen\u00e7at. Excepcionalment, justificant causes sobrevingudes, es podr\u00e0 sol\u00b7licitar l&#8217;anul\u00b7laci\u00f3 de matr\u00edcula a la direcci\u00f3 de l&#8217;ensenyament. La direcci\u00f3 informar\u00e0 de la proced\u00e8ncia o no de la devoluci\u00f3 del preu de la matr\u00edcula.<\/li>\n<\/ul>\n<\/li>\n<\/ul>\n<h3>Asseguran\u00e7a Volunt\u00e0ria.<\/h3>\n<p>Existeix l&#8217;opci\u00f3 de contractar una <a href=\"https:\/\/estudios.umh.es\/ca\/seguro-voluntario\/\" target=\"_blank\" rel=\"noopener\">asseguran\u00e7a volunt\u00e0ria<\/a><a href=\"https:\/\/universite.umh.es\/recibos\/?\" target=\"_blank\" rel=\"noopener\"><img loading=\"lazy\" class=\"alignnone wp-image-31436 \" src=\"https:\/\/estudios.umh.es\/files\/2021\/11\/abre-en-nueva-ventana.png\" alt=\"(abre en nueva ventana)\" width=\"15\" height=\"15\" \/><\/a> si et matricules en qualsevol dels ensenyaments de formaci\u00f3 permanent de la UMH. Per a aix\u00f2 has d&#8217;entrar en la <a href=\"https:\/\/universite.umh.es\/recibos\/?\" target=\"_blank\" rel=\"noopener\">web de rebuts de la UMH<\/a><a href=\"https:\/\/universite.umh.es\/recibos\/?\" target=\"_blank\" rel=\"noopener\"><img loading=\"lazy\" class=\"alignnone wp-image-31436 \" src=\"https:\/\/estudios.umh.es\/files\/2021\/11\/abre-en-nueva-ventana.png\" alt=\"(abre en nueva ventana)\" width=\"15\" height=\"15\" \/><\/a> i seleccionar: Tasas por Servicios de Gesti\u00f3n General, y en subtipus: Seguro Voluntario de estudios propios.<\/p>\n<h3>Sol\u00b7licitud de factura per preu de matr\u00edcula<\/h3>\n<p>Si desitges sol\u00b7licitar factura per l&#8217;import de la teua matr\u00edcula haur\u00e0s de fer-lo abans de la finalitzaci\u00f3 de l&#8217;ensenyan\u00e7a. Passat este termini nom\u00e9s es podr\u00e0 emetre un certificat acreditatiu de pagament. La factura ser\u00e0 sol\u00b7licitada mitjan\u00e7ant les seg\u00fcents modalitats d&#8217;impresos: <a href=\"https:\/\/formacionpermanente.umh.es\/files\/2025\/06\/SOLICITA-Y-EXPONE-a-favor-de-ENTIDADv2.pdf\" target=\"_blank\" rel=\"noopener\">sol\u00b7licitud per a empresa.pdf.1224kb<\/a><img src=\"https:\/\/estudios.umh.es\/files\/2021\/11\/abre-en-nueva-ventana.png\" alt=\"(abre en nueva ventana)\" \/> o <a href=\"https:\/\/formacionpermanente.umh.es\/files\/2025\/06\/SOLICITA-Y-EXPONE-ESTUDIANTE-v2.pdf\" target=\"_blank\" rel=\"noopener\">sol\u00b7licitud per a persona f\u00edsica.pdf.561kb<\/a><img src=\"https:\/\/estudios.umh.es\/files\/2021\/11\/abre-en-nueva-ventana.png\" alt=\"(abre en nueva ventana)\" \/>\u00a0 per correu electr\u00f2nic a <a href=\"mailto:formacion@umh.es\">formacion@umh.es<\/a> \u00a0adjuntant la documentaci\u00f3 que s&#8217;indica en esta.<\/p>","protected":false},"excerpt":{"rendered":"<p>Coneix el procediment de matr\u00edcula en els ensenyaments de formaci\u00f3 permanent de la UMH.<br \/>\nMatr\u00edcula en M\u00e0ster Propi o Especialista Universitari.<\/p>\n<p>El termini d&#8217;inscripci\u00f3 i tota la informaci\u00f3 es pot consultar accedint a\u00a0 l&#8217;oferta d&#8217;aquests ensenyaments de la UMH.<br \/>\nLa inscripci\u00f3 es realitza en el seg\u00fcent formulari.\u00a0<br \/>\nUna vegada emplenat el formulari d&#8217;inscripci\u00f3 apareixer\u00e0 el rebut corresponent a les [&#8230;]<\/p>\n","protected":false},"author":21955,"featured_media":0,"parent":27,"menu_order":2,"comment_status":"closed","ping_status":"closed","template":"","meta":{"_links_to":"","_links_to_target":""},"_links":{"self":[{"href":"https:\/\/formacionpermanente.umh.es\/ca\/wp-json\/wp\/v2\/pages\/95"}],"collection":[{"href":"https:\/\/formacionpermanente.umh.es\/ca\/wp-json\/wp\/v2\/pages"}],"about":[{"href":"https:\/\/formacionpermanente.umh.es\/ca\/wp-json\/wp\/v2\/types\/page"}],"author":[{"embeddable":true,"href":"https:\/\/formacionpermanente.umh.es\/ca\/wp-json\/wp\/v2\/users\/21955"}],"replies":[{"embeddable":true,"href":"https:\/\/formacionpermanente.umh.es\/ca\/wp-json\/wp\/v2\/comments?post=95"}],"version-history":[{"count":0,"href":"https:\/\/formacionpermanente.umh.es\/ca\/wp-json\/wp\/v2\/pages\/95\/revisions"}],"up":[{"embeddable":true,"href":"https:\/\/formacionpermanente.umh.es\/ca\/wp-json\/wp\/v2\/pages\/27"}],"wp:attachment":[{"href":"https:\/\/formacionpermanente.umh.es\/ca\/wp-json\/wp\/v2\/media?parent=95"}],"curies":[{"name":"wp","href":"https:\/\/api.w.org\/{rel}","templated":true}]}}